{"id":107064,"date":"2022-11-10T11:14:28","date_gmt":"2022-11-10T11:14:28","guid":{"rendered":"https:\/\/mamasandpapas.hu\/blog\/?page_id=107064"},"modified":"2025-11-14T17:55:18","modified_gmt":"2025-11-14T16:55:18","slug":"kucko-onkentes-program","status":"publish","type":"page","link":"https:\/\/mamasandpapas.hu\/blog\/kucko-onkentes-program\/","title":{"rendered":"Kuck\u00f3 \u00d6nk\u00e9ntes Program"},"content":{"rendered":"<div class=\"wpb-content-wrapper\"><p>[vc_row][vc_column offset=&#8221;vc_hidden-xs&#8221;][vc_single_image image=&#8221;107193&#8243; img_size=&#8221;full&#8221; alignment=&#8221;center&#8221;][\/vc_column][\/vc_row][vc_row][vc_column offset=&#8221;vc_hidden-xs&#8221;][vc_column_text css=&#8221;.vc_custom_1667991366500{background-color: #f2f2f2 !important;}&#8221;]<\/p>\n<h2 style=\"text-align: center;\"><strong>KUCK\u00d3 &#8211; SZERETETB\u0150L ADNI<\/strong><\/h2>\n<p>[\/vc_column_text][\/vc_column][\/vc_row][vc_row][vc_column width=&#8221;1\/2&#8243;][vc_row_inner][vc_column_inner offset=&#8221;vc_hidden-xs&#8221;][vc_empty_space height=&#8221;30px&#8221;][\/vc_column_inner][\/vc_row_inner][vc_single_image image=&#8221;109570&#8243; img_size=&#8221;full&#8221; alignment=&#8221;center&#8221; css=&#8221;&#8221;][\/vc_column][vc_column width=&#8221;1\/2&#8243;][vc_row_inner][vc_column_inner offset=&#8221;vc_hidden-xs&#8221;][vc_column_text]A Kuck\u00f3 \u00d6nk\u00e9ntes Program pont annyi, amit a neve is t\u00fckr\u00f6z. Egy \u00f6nk\u00e9ntes alapon m\u0171k\u00f6d\u0151 gyerekotthonokra f\u00f3kusz\u00e1l\u00f3 program. Nem alap\u00edtv\u00e1ny, nem szervezet, egy \u00f6nk\u00e9ntes kezdem\u00e9nyez\u00e9s, melynek c\u00e9lja, hogy jobb\u00e1 tegye a gyerekotthonban lak\u00f3k \u00e9let\u00e9t k\u00fcl\u00f6nb\u00f6z\u0151 \u00e9lm\u00e9nyeken kereszt\u00fcl.<\/p>\n<p>Az eg\u00e9sz m\u00e9g 2013-ban kezd\u0151d\u00f6tt egy t\u00e1nctan\u00edt\u00e1ssal \u00e9s sz\u00e9p lassan, a gyerekotthonokban felmer\u00fcl\u0151 ig\u00e9nyekre reag\u00e1lva nyerte el mai form\u00e1j\u00e1t. Az \u00f6nk\u00e9ntesek a saj\u00e1t munk\u00e1juk mellett eg\u00e9sz \u00e9vben \u201ckuck\u00f3znak\u201d.<\/p>\n<p>A program az \u00f6sszes budapesti otthonnal szoros kapcsolatban van, \u00e9s minden tev\u00e9kenys\u00e9g\u00e9t a\u00a0\u201cJ\u00d3L adni J\u00d3\u201d\u00a0szellem\u00e9ben teszi \u00fagy, hogy a seg\u00edts\u00e9g val\u00f3di seg\u00edts\u00e9g legyen.[\/vc_column_text][\/vc_column_inner][\/vc_row_inner][vc_row_inner][vc_column_inner offset=&#8221;vc_hidden-lg vc_hidden-md vc_hidden-sm&#8221;][vc_column_text css=&#8221;&#8221;]<\/p>\n<p style=\"text-align: center;\">A Kuck\u00f3 \u00d6nk\u00e9ntes Program pont annyi, amit a neve is t\u00fckr\u00f6z. Egy \u00f6nk\u00e9ntes alapon m\u0171k\u00f6d\u0151 gyerekotthonokra f\u00f3kusz\u00e1l\u00f3 program. Nem alap\u00edtv\u00e1ny, nem szervezet, egy \u00f6nk\u00e9ntes kezdem\u00e9nyez\u00e9s, melynek c\u00e9lja, hogy jobb\u00e1 tegye a gyerekotthonban lak\u00f3k \u00e9let\u00e9t k\u00fcl\u00f6nb\u00f6z\u0151 \u00e9lm\u00e9nyeken kereszt\u00fcl.<\/p>\n<p style=\"text-align: center;\">Az eg\u00e9sz m\u00e9g 2013-ban kezd\u0151d\u00f6tt egy t\u00e1nctan\u00edt\u00e1ssal \u00e9s sz\u00e9p lassan, a gyerekotthonokban felmer\u00fcl\u0151 ig\u00e9nyekre reag\u00e1lva nyerte el mai form\u00e1j\u00e1t. Az \u00f6nk\u00e9ntesek a saj\u00e1t munk\u00e1juk mellett eg\u00e9sz \u00e9vben \u201ckuck\u00f3znak\u201d.<\/p>\n<p style=\"text-align: center;\">A program az \u00f6sszes budapesti otthonnal szoros kapcsolatban van, \u00e9s minden tev\u00e9kenys\u00e9g\u00e9t a\u00a0\u201cJ\u00d3L adni J\u00d3\u201d\u00a0szellem\u00e9ben teszi \u00fagy, hogy a seg\u00edts\u00e9g val\u00f3di seg\u00edts\u00e9g legyen.<\/p>\n<p>[\/vc_column_text][\/vc_column_inner][\/vc_row_inner][\/vc_column][\/vc_row][vc_row][vc_column offset=&#8221;vc_hidden-xs&#8221;][vc_row_inner][vc_column_inner width=&#8221;1\/2&#8243;][vc_empty_space height=&#8221;100px&#8221;][vc_column_text]<\/p>\n<p style=\"text-align: right;\">Jelenleg k\u00f6r\u00fclbel\u00fcl 23.000 \u00e1llami gondozott gyerek van Magyarorsz\u00e1gon. \u0150k nem \u00e9lhetnek csal\u00e1dban, nagyon sokan k\u00f6z\u00fcl\u00fck nevel\u0151sz\u00fcl\u0151kn\u00e9l laknak, illetve sokan a nevel\u0151sz\u00fcleikt\u0151l ker\u00fclnek otthonba. El\u0151fordul olyan is, amikor a gyerekotthonb\u00f3l valaki hazaker\u00fcl, majd \u00fajra vissza a rendszerbe, de a legt\u00f6bben azok vannak, akiknek a gyerekotthon marad a v\u00e9gs\u0151 lakhely\u00fck, tanul\u00f3i jogviszony eset\u00e9n 24 \u00e9ves korukig.\u00a0A Kuck\u00f3 k\u00f6z\u00f6ss\u00e9g k\u00f6teless\u00e9g\u00e9nek \u00e9rzi, hogy lehet\u0151s\u00e9geihez m\u00e9rten seg\u00edtsen, t\u00e1mogassa ezeket a gyerekeket. \u00c9ppen ez\u00e9rt nagyon ritk\u00e1n (tal\u00e1n sosem) mondanak nemet a megkeres\u00e9sekre.<\/p>\n<p>[\/vc_column_text][\/vc_column_inner][vc_column_inner width=&#8221;1\/2&#8243;][vc_single_image image=&#8221;109566&#8243; img_size=&#8221;full&#8221; alignment=&#8221;center&#8221; style=&#8221;vc_box_border&#8221; border_color=&#8221;juicy_pink&#8221; css=&#8221;&#8221;][\/vc_column_inner][\/vc_row_inner][\/vc_column][\/vc_row][vc_row full_width=&#8221;stretch_row_content_no_spaces&#8221;][vc_column offset=&#8221;vc_hidden-lg vc_hidden-md vc_hidden-sm&#8221;][vc_single_image image=&#8221;109566&#8243; img_size=&#8221;full&#8221; alignment=&#8221;center&#8221; style=&#8221;vc_box_border&#8221; border_color=&#8221;juicy_pink&#8221; css=&#8221;.vc_custom_1762850724152{padding-right: 10px !important;padding-left: 10px !important;}&#8221;][vc_column_text css=&#8221;.vc_custom_1762850666963{padding-right: 30px !important;padding-left: 30px !important;}&#8221;]<\/p>\n<p style=\"text-align: center;\">Jelenleg k\u00f6r\u00fclbel\u00fcl 23.000 \u00e1llami gondozott gyerek van Magyarorsz\u00e1gon. \u0150k nem \u00e9lhetnek csal\u00e1dban, nagyon sokan k\u00f6z\u00fcl\u00fck nevel\u0151sz\u00fcl\u0151kn\u00e9l laknak, illetve sokan a nevel\u0151sz\u00fcleikt\u0151l ker\u00fclnek otthonba. El\u0151fordul olyan is, amikor a gyerekotthonb\u00f3l valaki hazaker\u00fcl, majd \u00fajra vissza a rendszerbe, de a legt\u00f6bben azok vannak, akiknek a gyerekotthon marad a v\u00e9gs\u0151 lakhely\u00fck, tanul\u00f3i jogviszony eset\u00e9n 24 \u00e9ves korukig.\u00a0A Kuck\u00f3 k\u00f6z\u00f6ss\u00e9g k\u00f6teless\u00e9g\u00e9nek \u00e9rzi, hogy lehet\u0151s\u00e9geihez m\u00e9rten seg\u00edtsen, t\u00e1mogassa ezeket a gyerekeket. \u00c9ppen ez\u00e9rt nagyon ritk\u00e1n (tal\u00e1n sosem) mondanak nemet a megkeres\u00e9sekre.<\/p>\n<p>[\/vc_column_text][\/vc_column][\/vc_row][vc_row][vc_column][vc_column_text]<\/p>\n<h3 style=\"text-align: center;\"><span style=\"color: #ee1740; font-size: 18px;\"><strong>KUCK\u00d3KAR\u00c1CSONY<\/strong><\/span><\/h3>\n<p>[\/vc_column_text][vc_row_inner css=&#8221;.vc_custom_1668005437451{background-color: #f2f2f2 !important;}&#8221;][vc_column_inner][vc_column_text css=&#8221;&#8221;]<strong>AZ EGYIK LEGJELENT\u0150SEBB KEZDEM\u00c9NYEZ\u00c9S A KUCK\u00d3 M\u0170K\u00d6D\u00c9S\u00c9BEN.<\/strong><\/p>\n<p><strong>&#8222;Akkor j\u00f3 a vil\u00e1g, ha j\u00f3 benne gyereknek lenni.&#8221; <\/strong>\/V\u00e9ghelyi Bal\u00e1zs\/<\/p>\n<p>A Kuck\u00f3Kar\u00e1csony 3 r\u00e9szb\u0151l:<\/p>\n<p>I. Az otthonokban kar\u00e1csonyoz\u00f3 gyerekek kis sz\u00e1zal\u00e9ka haza tud menni a sz\u00fcleihez, rokonokhoz kar\u00e1csonyozni. A gyerekek szer\u00e9ny k\u00f6r\u00fclm\u00e9nyek k\u00f6z\u00e9 \u00e9rkeznek, de legal\u00e1bb a csal\u00e1djukkal t\u00f6lthetik az \u00fcnnepeket. Nekik hazamen\u0151s csomag k\u00e9sz\u00fcl \u00fcnnepi finoms\u00e1gokkal, melyben tart\u00f3s \u00e9lelmiszerek kapnak helyet, illetve olyan &#8211; a csal\u00e1dok sz\u00e1m\u00e1ra luxuscikknek sz\u00e1m\u00edt\u00f3 &#8211; \u00e9lelmiszerek, mint a beigli vagy egy r\u00fad szal\u00e1mi.<\/p>\n<p>II. Az otthonokban kar\u00e1csonyoz\u00f3 gyerekek (\u00e9s \u0151k a t\u00f6bbs\u00e9g) a kor\u00e1bbi \u00e9vekben kreat\u00edv eszk\u00f6z\u00f6ket kaptak, hogy a k\u00e9t \u00fcnnep k\u00f6z\u00f6tti id\u0151szak tartalmasabban teljen. Id\u00e9n, a kreat\u00edv eszk\u00f6z\u00f6k helyett tiszt\u00e1lkod\u00e1si szereket, \u00e9s tart\u00f3s \u00e9lelmiszereket visznek az otthonokba.<\/p>\n<p style=\"text-align: left;\">III. A harmadik f\u00e9le csomag is tal\u00e1n \u00e9pp olyan fontos, mint az els\u0151 kett\u0151, hiszen a k\u00e1v\u00e9, tea, csoki csomag azoknak\u00a0a nevel\u0151knek k\u00e9sz\u00fcl, akik eg\u00e9sz \u00e9vben sz\u00edvvel-l\u00e9lekkel v\u00e9gzik a munk\u00e1jukat, \u00e9s Kar\u00e1csonykor a csal\u00e1djukt\u00f3l t\u00e1vol t\u00f6ltik az \u00fcnnepeket.<\/p>\n<p>[\/vc_column_text][\/vc_column_inner][\/vc_row_inner][vc_row_inner][vc_column_inner][vc_empty_space height=&#8221;1px&#8221;][\/vc_column_inner][\/vc_row_inner][vc_row_inner css=&#8221;.vc_custom_1763139117800{background-color: #EE1740 !important;}&#8221;][vc_column_inner][vc_column_text css=&#8221;.vc_custom_1763139150282{background-color: #ee1740 !important;}&#8221;]<\/p>\n<div><\/div>\n<div style=\"text-align: center;\"><span style=\"color: #ffffff;\">A <strong>Mamas &amp; Papas<\/strong> a Kuck\u00f3 Programon kereszt\u00fcl t\u00e1mogatja a gyermekotthonban \u00e9l\u0151 gyermekeket. <\/span><\/div>\n<div style=\"text-align: center;\">\n<p><span style=\"color: #ffffff;\"><strong>Adj szeretetb\u0151l \u00e9s tedd szebb\u00e9 Te is a gyermekek Kar\u00e1csony\u00e1t!<\/strong><\/span><\/p>\n<p><span style=\"color: #ffffff;\">Minden, a Mamas &amp; Papas-hoz adom\u00e1ny c\u00edmen befolyt \u00f6sszeget tov\u00e1bb\u00edtunk a Kuck\u00f3 Program fel\u00e9. Emellett a Kuck\u00f3 Programot t\u00e1mogathatod az \u00fczletekben v\u00e1s\u00e1rl\u00e1sod alkalm\u00e1val, vagy az online v\u00e1s\u00e1rl\u00e1sn\u00e1l a kos\u00e1r oldalon tudod hozz\u00e1adni rendel\u00e9sedhez a kiv\u00e1lasztott \u00f6sszeget.<\/span><\/p>\n<p><span style=\"color: #ffffff;\"><strong>A gy\u0171jt\u00e9s december 1-ig tart.<\/strong><\/span><\/p>\n<\/div>\n<p>[\/vc_column_text][\/vc_column_inner][\/vc_row_inner][vc_row_inner][vc_column_inner][vc_empty_space height=&#8221;1px&#8221;][\/vc_column_inner][\/vc_row_inner][vc_column_text]<\/p>\n<h4 style=\"text-align: center;\"><strong>T\u00e1mogasd Te is a Kuck\u00f3kar\u00e1csonyt, seg\u00edts a gyermekotthonban \u00e9l\u0151knek!<\/strong><\/h4>\n<p style=\"text-align: center;\"><strong>Mott\u00f3: J\u00d3L adni J\u00d3<\/strong><br \/>\nkapcsolat: \u00a0<a href=\"mailto:kuckoprogram@gmail.com\" target=\"_blank\" rel=\"noopener\">kuckoprogram@gmail.com<\/a><br \/>\nSzintl\u00e9p\u00e9s Alap\u00edtv\u00e1ny<br \/>\n11710002-24133290 IBAN: HU12117100022413329<br \/>\nK\u00f6zlem\u00e9ny: Kuck\u00f3<\/p>\n<p>[\/vc_column_text][\/vc_column][\/vc_row][vc_row][vc_column width=&#8221;1\/3&#8243; offset=&#8221;vc_hidden-xs&#8221;][vc_single_image image=&#8221;109547&#8243; img_size=&#8221;full&#8221; alignment=&#8221;center&#8221; style=&#8221;vc_box_border&#8221; border_color=&#8221;juicy_pink&#8221; css=&#8221;&#8221;][\/vc_column][vc_column width=&#8221;1\/3&#8243; offset=&#8221;vc_hidden-xs&#8221;][vc_single_image image=&#8221;109548&#8243; img_size=&#8221;full&#8221; alignment=&#8221;center&#8221; style=&#8221;vc_box_border&#8221; border_color=&#8221;juicy_pink&#8221; css=&#8221;&#8221;][\/vc_column][vc_column width=&#8221;1\/3&#8243; offset=&#8221;vc_hidden-xs&#8221;][vc_single_image image=&#8221;109549&#8243; img_size=&#8221;full&#8221; alignment=&#8221;center&#8221; style=&#8221;vc_box_border&#8221; border_color=&#8221;juicy_pink&#8221; css=&#8221;&#8221;][\/vc_column][\/vc_row][vc_row full_width=&#8221;stretch_row_content_no_spaces&#8221; css=&#8221;.vc_custom_1762850843343{padding-right: 10px !important;padding-left: 10px !important;}&#8221;][vc_column width=&#8221;1\/3&#8243; offset=&#8221;vc_hidden-lg vc_hidden-md vc_hidden-sm&#8221;][vc_single_image image=&#8221;109547&#8243; img_size=&#8221;full&#8221; alignment=&#8221;center&#8221; style=&#8221;vc_box_border&#8221; border_color=&#8221;juicy_pink&#8221; css=&#8221;&#8221;][\/vc_column][vc_column width=&#8221;1\/3&#8243; offset=&#8221;vc_hidden-lg vc_hidden-md vc_hidden-sm&#8221;][vc_single_image image=&#8221;109548&#8243; img_size=&#8221;full&#8221; alignment=&#8221;center&#8221; style=&#8221;vc_box_border&#8221; border_color=&#8221;juicy_pink&#8221; css=&#8221;&#8221;][\/vc_column][vc_column width=&#8221;1\/3&#8243; offset=&#8221;vc_hidden-lg vc_hidden-md vc_hidden-sm&#8221;][vc_single_image image=&#8221;109549&#8243; img_size=&#8221;full&#8221; alignment=&#8221;center&#8221; style=&#8221;vc_box_border&#8221; border_color=&#8221;juicy_pink&#8221; css=&#8221;&#8221;][\/vc_column][\/vc_row][vc_row][vc_column][vc_column_text css=&#8221;.vc_custom_1668085895070{background-color: #f2f2f2 !important;}&#8221;]<\/p>\n<h3 style=\"text-align: center;\"><strong>TOV\u00c1BBI KUCK\u00d3S PROJEKTEK<\/strong><\/h3>\n<p>[\/vc_column_text][\/vc_column][\/vc_row][vc_row][vc_column][vc_column_text]<\/p>\n<h4 style=\"text-align: center;\"><span style=\"color: #ee1740;\"><strong>KUCK\u00d3 \u00d6NK\u00c9NTES FODR\u00c1SZOK<\/strong><\/span><\/h4>\n<p>[\/vc_column_text][vc_row_inner css=&#8221;.vc_custom_1668006206953{background-color: #f2f2f2 !important;}&#8221;][vc_column_inner][vc_column_text]Felmer\u00fclt egy \u00f6tlet, miszerint nagy seg\u00edts\u00e9g lenne az otthonok sz\u00e1m\u00e1ra, ha lenne fodr\u00e1sz, aki lev\u00e1gja a gyerekek haj\u00e1t. A k\u00f6z\u00f6ss\u00e9g hisz abban, hogy a legjobb seg\u00edts\u00e9g az, ha\u00a0<strong>azzal seg\u00edt\u00fcnk, amihez \u00e9rt\u00fcnk<\/strong>, \u00edgy teh\u00e1t a fodr\u00e1szok a saj\u00e1t tud\u00e1sukkal, szak\u00e9rtelm\u00fckkel \u00e9s idej\u00fckkel tudnak a leghat\u00e9konyabban seg\u00edteni.<\/p>\n<p>Mindig sz\u00fcks\u00e9g van v\u00e1llalkoz\u00f3 szellem\u0171 fodr\u00e1szokra, akik \u00e9vente p\u00e1r alkalommal sz\u00edvesen elmennek az otthonokba \u00e9s lev\u00e1gj\u00e1k a gyerekek haj\u00e1t.<\/p>\n<p>Ez a Kuck\u00f3 egyik legr\u00e9gebbi \u00e9s az\u00f3ta is folyamatosan m\u0171k\u00f6d\u0151 projektje, viszont a fodr\u00e1szokra mindig nagy sz\u00fcks\u00e9g van. \u00cdgy ez\u00faton is v\u00e1rj\u00e1k az \u00f6nk\u00e9ntes fodr\u00e1szok \u00e9s\/vagy szalonok jelentkez\u00e9s\u00e9t, \u00edgy ha <strong>Te is szeretn\u00e9l seg\u00edteni, akkor jelentkezz a Kuck\u00f3 \u00d6nk\u00e9ntes Fodr\u00e1szok Facebook csoportba!<\/strong>[\/vc_column_text][\/vc_column_inner][\/vc_row_inner][\/vc_column][\/vc_row][vc_row][vc_column][vc_empty_space height=&#8221;30px&#8221;][\/vc_column][\/vc_row][vc_row][vc_column width=&#8221;1\/3&#8243; offset=&#8221;vc_hidden-xs&#8221;][vc_single_image image=&#8221;109556&#8243; img_size=&#8221;full&#8221; alignment=&#8221;center&#8221; style=&#8221;vc_box_border&#8221; border_color=&#8221;juicy_pink&#8221; css=&#8221;&#8221;][\/vc_column][vc_column width=&#8221;1\/3&#8243; offset=&#8221;vc_hidden-xs&#8221;][vc_single_image image=&#8221;109559&#8243; img_size=&#8221;full&#8221; alignment=&#8221;center&#8221; style=&#8221;vc_box_border&#8221; border_color=&#8221;juicy_pink&#8221; css=&#8221;&#8221;][\/vc_column][vc_column width=&#8221;1\/3&#8243; offset=&#8221;vc_hidden-xs&#8221;][vc_single_image image=&#8221;109557&#8243; img_size=&#8221;full&#8221; alignment=&#8221;center&#8221; style=&#8221;vc_box_border&#8221; border_color=&#8221;juicy_pink&#8221; css=&#8221;&#8221;][\/vc_column][\/vc_row][vc_row full_width=&#8221;stretch_row_content_no_spaces&#8221; css=&#8221;.vc_custom_1762851171461{padding-right: 10px !important;padding-left: 10px !important;}&#8221;][vc_column width=&#8221;1\/3&#8243; offset=&#8221;vc_hidden-lg vc_hidden-md vc_hidden-sm&#8221;][vc_single_image image=&#8221;109556&#8243; img_size=&#8221;full&#8221; alignment=&#8221;center&#8221; style=&#8221;vc_box_border&#8221; border_color=&#8221;juicy_pink&#8221; css=&#8221;&#8221;][\/vc_column][vc_column width=&#8221;1\/3&#8243; offset=&#8221;vc_hidden-lg vc_hidden-md vc_hidden-sm&#8221;][vc_single_image image=&#8221;109559&#8243; img_size=&#8221;full&#8221; alignment=&#8221;center&#8221; style=&#8221;vc_box_border&#8221; border_color=&#8221;juicy_pink&#8221; css=&#8221;&#8221;][\/vc_column][vc_column width=&#8221;1\/3&#8243; offset=&#8221;vc_hidden-lg vc_hidden-md vc_hidden-sm&#8221;][vc_single_image image=&#8221;109557&#8243; img_size=&#8221;full&#8221; alignment=&#8221;center&#8221; style=&#8221;vc_box_border&#8221; border_color=&#8221;juicy_pink&#8221; css=&#8221;&#8221;][\/vc_column][\/vc_row][vc_row][vc_column][vc_column_text]<\/p>\n<h4 style=\"text-align: center;\"><span style=\"color: #ee1740;\"><strong>HA J\u00d3T ESZEL, J\u00d3T TESZEL<\/strong><\/span><\/h4>\n<p>[\/vc_column_text][vc_row_inner css=&#8221;.vc_custom_1668005972429{background-color: #f2f2f2 !important;}&#8221;][vc_column_inner][vc_column_text]Id\u00e9n orsz\u00e1gszerte k\u00f6zel 500 \u00e1llami gondoskod\u00e1sban nevelked\u0151 gyereket l\u00e1tott\u00a0vend\u00e9g\u00fcl a Food Truck Show,\u00a0emellett a\u00a0bev\u00e9tel\u00fck egy r\u00e9sz\u00e9vel is t\u00e1mogatj\u00e1k a Kuck\u00f3 Programot.<\/p>\n<p>Az alap\u00f6tlet a Kuck\u00f3 \u00e9ttermi projektb\u0151l indult,\u00a0ahol t\u00f6bb, budapesti \u00e9tterem t\u00e1mogat\u00e1s\u00e1val vend\u00e9g\u00fcl l\u00e1tt\u00e1k a gyerekotthon lak\u00f3it \u00e9s nevel\u0151it\u00a0egy-egy vas\u00e1rnapi eb\u00e9dre.\u00a0A\u00a0Food Truck Show \u00e9s a Kuck\u00f3 k\u00f6z\u00f6s c\u00e9lja,\u00a0hogy\u00a0t\u00f6bb vid\u00e9ki \u00e9s f\u0151v\u00e1rosi helysz\u00ednen\u00a0megvend\u00e9gelje\u00a0a gyerekeket,\u00a0emellett\u00a0eduk\u00e1lja \u0151ket a k\u00f6rnyezetv\u00e9delem \u00e9s a szelekt\u00edv hullad\u00e9kgy\u0171jt\u00e9s fontoss\u00e1g\u00e1r\u00f3l, ami mindk\u00e9t f\u00e9lnek kiemelten fontos t\u00e9ma.[\/vc_column_text][\/vc_column_inner][\/vc_row_inner][\/vc_column][\/vc_row][vc_row][vc_column][vc_empty_space height=&#8221;30px&#8221;][\/vc_column][\/vc_row][vc_row][vc_column width=&#8221;1\/3&#8243; offset=&#8221;vc_hidden-xs&#8221;][vc_single_image image=&#8221;109550&#8243; img_size=&#8221;full&#8221; alignment=&#8221;center&#8221; style=&#8221;vc_box_border&#8221; border_color=&#8221;juicy_pink&#8221; css=&#8221;&#8221;][\/vc_column][vc_column width=&#8221;1\/3&#8243; offset=&#8221;vc_hidden-xs&#8221;][vc_single_image image=&#8221;109551&#8243; img_size=&#8221;full&#8221; alignment=&#8221;center&#8221; style=&#8221;vc_box_border&#8221; border_color=&#8221;juicy_pink&#8221; css=&#8221;&#8221;][\/vc_column][vc_column width=&#8221;1\/3&#8243; offset=&#8221;vc_hidden-xs&#8221;][vc_single_image image=&#8221;109552&#8243; img_size=&#8221;full&#8221; alignment=&#8221;center&#8221; style=&#8221;vc_box_border&#8221; border_color=&#8221;juicy_pink&#8221; css=&#8221;&#8221;][\/vc_column][\/vc_row][vc_row full_width=&#8221;stretch_row_content_no_spaces&#8221; css=&#8221;.vc_custom_1762851567792{padding-right: 10px !important;padding-left: 10px !important;}&#8221;][vc_column width=&#8221;1\/3&#8243; offset=&#8221;vc_hidden-lg vc_hidden-md vc_hidden-sm&#8221;][vc_single_image image=&#8221;109550&#8243; img_size=&#8221;full&#8221; alignment=&#8221;center&#8221; style=&#8221;vc_box_border&#8221; border_color=&#8221;juicy_pink&#8221; css=&#8221;&#8221;][\/vc_column][vc_column width=&#8221;1\/3&#8243; offset=&#8221;vc_hidden-lg vc_hidden-md vc_hidden-sm&#8221;][vc_single_image image=&#8221;109551&#8243; img_size=&#8221;full&#8221; alignment=&#8221;center&#8221; style=&#8221;vc_box_border&#8221; border_color=&#8221;juicy_pink&#8221; css=&#8221;&#8221;][\/vc_column][vc_column width=&#8221;1\/3&#8243; offset=&#8221;vc_hidden-lg vc_hidden-md vc_hidden-sm&#8221;][vc_single_image image=&#8221;109552&#8243; img_size=&#8221;full&#8221; alignment=&#8221;center&#8221; style=&#8221;vc_box_border&#8221; border_color=&#8221;juicy_pink&#8221; css=&#8221;&#8221;][\/vc_column][\/vc_row][vc_row][vc_column][vc_column_text]<\/p>\n<h4 style=\"text-align: center;\"><span style=\"color: #ee1740;\"><strong>KUCK\u00d3H\u0150S\u00d6K<\/strong><\/span><\/h4>\n<p>[\/vc_column_text][vc_row_inner css=&#8221;.vc_custom_1668006144778{background-color: #f2f2f2 !important;}&#8221;][vc_column_inner][vc_column_text]<strong>Vegy\u00fck \u00e9szre a nem mindennapi h\u0151s\u00f6ket!<\/strong>\u00a0A gyerekotthonban dolgoz\u00f3k fizikai \u00e9s lelki terhel\u00e9se b\u0151ven \u00e1tlag feletti. M\u00e9gis sokan vannak, akik sz\u00edvvel-l\u00e9lekkel v\u00e9gzik a munk\u00e1jukat. Nagy m\u00e9rf\u00f6ldk\u0151 a Kuck\u00f3 t\u00f6rt\u00e9net\u00e9ben, hogy 9 \u00e9v ut\u00e1n azokat d\u00edjazhatj\u00e1k, akik emberfeletti energi\u00e1t tesznek abba, hogy a hozz\u00e1juk ker\u00fclt gyerekek sorsa j\u00f3l alakuljon.<\/p>\n<p>A Kuck\u00f3H\u0151s\u00f6k d\u00edj\u00e1tad\u00f3 l\u00e9trej\u00f6tte az egyre n\u00f6vekv\u0151 k\u00f6z\u00f6ss\u00e9g k\u00f6z\u00f6s \u00e9rdeme, egy\u00fctt hozt\u00e1k l\u00e9tre. A\u00a0d\u00edjazottak gondolatai \u00e9s k\u00f6sz\u00f6netnyilv\u00e1n\u00edt\u00e1sa ez\u00e9rt\u00a0azoknak\u00a0sz\u00f3l, akik r\u00e9szt vesznek\u00a0ebben az egys\u00e9gben.\u00a02022-ben\u00a026 f\u0151t d\u00edjaztak, de\u00a0enn\u00e9l\u00a0sokkal t\u00f6bben vannak azok, akik meg\u00e9rdemeln\u00e9k a kiemel\u00e9st. B\u00edznak benne, hogy ez a d\u00edj hozz\u00e1j\u00e1rul majd ahhoz, hogy ezek a csod\u00e1s emberek \u00e9rezz\u00e9k, hogy\u00a0<strong>fontosak, hogy sz\u00e1m\u00edtanak \u00e9s hogy mindenn\u00e9l nagyobb sz\u00fcks\u00e9g van r\u00e1juk.<\/strong>[\/vc_column_text][\/vc_column_inner][\/vc_row_inner][\/vc_column][\/vc_row][vc_row][vc_column][vc_empty_space height=&#8221;30px&#8221;][\/vc_column][\/vc_row][vc_row][vc_column width=&#8221;1\/3&#8243; offset=&#8221;vc_hidden-xs&#8221;][vc_single_image image=&#8221;109561&#8243; img_size=&#8221;full&#8221; alignment=&#8221;center&#8221; style=&#8221;vc_box_border&#8221; border_color=&#8221;juicy_pink&#8221; css=&#8221;&#8221;][\/vc_column][vc_column width=&#8221;1\/3&#8243; offset=&#8221;vc_hidden-xs&#8221;][vc_single_image image=&#8221;109560&#8243; img_size=&#8221;full&#8221; alignment=&#8221;center&#8221; style=&#8221;vc_box_border&#8221; border_color=&#8221;juicy_pink&#8221; css=&#8221;&#8221;][\/vc_column][vc_column width=&#8221;1\/3&#8243; offset=&#8221;vc_hidden-xs&#8221;][vc_single_image image=&#8221;109562&#8243; img_size=&#8221;full&#8221; alignment=&#8221;center&#8221; style=&#8221;vc_box_border&#8221; border_color=&#8221;juicy_pink&#8221; css=&#8221;&#8221;][\/vc_column][\/vc_row][vc_row full_width=&#8221;stretch_row_content_no_spaces&#8221; css=&#8221;.vc_custom_1762851868351{padding-right: 10px !important;padding-left: 10px !important;}&#8221;][vc_column width=&#8221;1\/3&#8243; offset=&#8221;vc_hidden-lg vc_hidden-md vc_hidden-sm&#8221;][vc_single_image image=&#8221;109561&#8243; img_size=&#8221;full&#8221; alignment=&#8221;center&#8221; style=&#8221;vc_box_border&#8221; border_color=&#8221;juicy_pink&#8221; css=&#8221;&#8221;][\/vc_column][vc_column width=&#8221;1\/3&#8243; offset=&#8221;vc_hidden-lg vc_hidden-md vc_hidden-sm&#8221;][vc_single_image image=&#8221;109560&#8243; img_size=&#8221;full&#8221; alignment=&#8221;center&#8221; style=&#8221;vc_box_border&#8221; border_color=&#8221;juicy_pink&#8221; css=&#8221;&#8221;][\/vc_column][vc_column width=&#8221;1\/3&#8243; offset=&#8221;vc_hidden-lg vc_hidden-md vc_hidden-sm&#8221;][vc_single_image image=&#8221;109562&#8243; img_size=&#8221;full&#8221; alignment=&#8221;center&#8221; style=&#8221;vc_box_border&#8221; border_color=&#8221;juicy_pink&#8221; css=&#8221;&#8221;][\/vc_column][\/vc_row][vc_row][vc_column offset=&#8221;vc_hidden-xs&#8221;][vc_row_inner][vc_column_inner][vc_column_text css=&#8221;.vc_custom_1668008192211{background-color: #f2f2f2 !important;}&#8221;]<\/p>\n<p style=\"text-align: center;\"><strong>TOV\u00c1BBI KEZDEM\u00c9NYEZ\u00c9SEK<\/strong><\/p>\n<p>[\/vc_column_text][\/vc_column_inner][\/vc_row_inner][vc_row_inner][vc_column_inner width=&#8221;1\/3&#8243;][vc_column_text]<\/p>\n<p style=\"text-align: center;\"><span style=\"color: #ee1740;\"><strong>T\u00d6KFARAG\u00c1S A GYEREKEKKEL<\/strong><\/span><\/p>\n<p style=\"text-align: center;\">arcfest\u00e9s, s\u00fctik \u00e9s egy\u00e9b finoms\u00e1gok, j\u00f3 hangulat, boldogs\u00e1g<\/p>\n<p>[\/vc_column_text][vc_single_image image=&#8221;109553&#8243; img_size=&#8221;full&#8221; alignment=&#8221;center&#8221; style=&#8221;vc_box_border&#8221; border_color=&#8221;juicy_pink&#8221; css=&#8221;&#8221;][\/vc_column_inner][vc_column_inner width=&#8221;1\/3&#8243;][vc_column_text]<\/p>\n<p style=\"text-align: center;\"><span style=\"color: #ee1740;\"><strong>KUTYATER\u00c1PI\u00c1S FOGLALKOZ\u00c1SOK<\/strong><\/span><\/p>\n<p style=\"text-align: center;\">a kuty\u00e1k mosolyt csalnak a kis arcokra, j\u00f3l igazodnak a gyerk\u0151c\u00f6kh\u00f6z<\/p>\n<p>[\/vc_column_text][vc_single_image image=&#8221;109554&#8243; img_size=&#8221;full&#8221; alignment=&#8221;center&#8221; style=&#8221;vc_box_border&#8221; border_color=&#8221;juicy_pink&#8221; css=&#8221;&#8221;][\/vc_column_inner][vc_column_inner width=&#8221;1\/3&#8243;][vc_column_text]<\/p>\n<p style=\"text-align: center;\"><span style=\"color: #ee1740;\"><strong>ADOM\u00c1NYGY\u0170JT\u0150 KUCK\u00d3NAPOK<\/strong><\/span><\/p>\n<p style=\"text-align: center;\">adom\u00e1nygy\u0171jt\u00e9s, gyereknap, programok, lehet\u0151s\u00e9g az adom\u00e1nyoz\u00f3kkal val\u00f3 tal\u00e1lkoz\u00e1sra<\/p>\n<p>[\/vc_column_text][vc_single_image image=&#8221;109555&#8243; img_size=&#8221;full&#8221; alignment=&#8221;center&#8221; style=&#8221;vc_box_border&#8221; border_color=&#8221;juicy_pink&#8221; css=&#8221;&#8221;][\/vc_column_inner][\/vc_row_inner][\/vc_column][\/vc_row][vc_row][vc_column offset=&#8221;vc_hidden-lg vc_hidden-md vc_hidden-sm&#8221;][vc_row_inner][vc_column_inner][vc_column_text css=&#8221;.vc_custom_1668008192211{background-color: #f2f2f2 !important;}&#8221;]<\/p>\n<p style=\"text-align: center;\"><strong>TOV\u00c1BBI KEZDEM\u00c9NYEZ\u00c9SEK<\/strong><\/p>\n<p>[\/vc_column_text][\/vc_column_inner][\/vc_row_inner][\/vc_column][\/vc_row][vc_row full_width=&#8221;stretch_row_content_no_spaces&#8221;][vc_column offset=&#8221;vc_hidden-lg vc_hidden-md vc_hidden-sm&#8221;][vc_column_text css=&#8221;.vc_custom_1762853153882{padding-right: 30px !important;padding-left: 30px !important;}&#8221;]<\/p>\n<p style=\"text-align: center;\"><span style=\"color: #ee1740;\"><strong>T\u00d6KFARAG\u00c1S A GYEREKEKKEL<\/strong><\/span><\/p>\n<p style=\"text-align: center;\">arcfest\u00e9s, s\u00fctik \u00e9s egy\u00e9b finoms\u00e1gok, j\u00f3 hangulat, boldogs\u00e1g<\/p>\n<p>[\/vc_column_text][vc_single_image image=&#8221;109553&#8243; img_size=&#8221;full&#8221; alignment=&#8221;center&#8221; style=&#8221;vc_box_border&#8221; border_color=&#8221;juicy_pink&#8221; css=&#8221;.vc_custom_1762853013178{padding-right: 10px !important;padding-left: 10px !important;}&#8221;][\/vc_column][\/vc_row][vc_row full_width=&#8221;stretch_row_content_no_spaces&#8221;][vc_column offset=&#8221;vc_hidden-lg vc_hidden-md vc_hidden-sm&#8221;][vc_column_text css=&#8221;.vc_custom_1762853161697{padding-right: 30px !important;padding-left: 30px !important;}&#8221;]<\/p>\n<p style=\"text-align: center;\"><span style=\"color: #ee1740;\"><strong>KUTYATER\u00c1PI\u00c1S FOGLALKOZ\u00c1SOK<\/strong><\/span><\/p>\n<p style=\"text-align: center;\">a kuty\u00e1k mosolyt csalnak a kis arcokra, j\u00f3l igazodnak a gyerk\u0151c\u00f6kh\u00f6z<\/p>\n<p>[\/vc_column_text][vc_single_image image=&#8221;109554&#8243; img_size=&#8221;full&#8221; alignment=&#8221;center&#8221; style=&#8221;vc_box_border&#8221; border_color=&#8221;juicy_pink&#8221; css=&#8221;.vc_custom_1762853020162{padding-right: 10px !important;padding-left: 10px !important;}&#8221;][\/vc_column][\/vc_row][vc_row full_width=&#8221;stretch_row_content_no_spaces&#8221;][vc_column offset=&#8221;vc_hidden-lg vc_hidden-md vc_hidden-sm&#8221; css=&#8221;.vc_custom_1762853169735{padding-right: 30px !important;padding-left: 30px !important;}&#8221;][vc_column_text]<\/p>\n<p style=\"text-align: center;\"><span style=\"color: #ee1740;\"><strong>ADOM\u00c1NYGY\u0170JT\u0150 KUCK\u00d3NAPOK<\/strong><\/span><\/p>\n<p style=\"text-align: center;\">adom\u00e1nygy\u0171jt\u00e9s, gyereknap, programok, lehet\u0151s\u00e9g az adom\u00e1nyoz\u00f3kkal val\u00f3 tal\u00e1lkoz\u00e1sra<\/p>\n<p>[\/vc_column_text][vc_single_image image=&#8221;109555&#8243; img_size=&#8221;full&#8221; alignment=&#8221;center&#8221; style=&#8221;vc_box_border&#8221; border_color=&#8221;juicy_pink&#8221; css=&#8221;.vc_custom_1762853032145{padding-right: 1px !important;padding-left: 10px !important;}&#8221;][\/vc_column][\/vc_row][vc_row][vc_column][vc_column_text css=&#8221;.vc_custom_1667991652143{background-color: #f2f2f2 !important;}&#8221;]<\/p>\n<h3 style=\"text-align: center;\"><strong>KUCK\u00d3S ELISMER\u00c9SEK<\/strong><\/h3>\n<p>[\/vc_column_text][vc_column_text]<\/p>\n<p style=\"text-align: center;\">2017-ben Highlights of Hungary III. helyez\u00e9st \u00e9rt el, 2022-ben pedig Kaposv\u00e1ri J\u00f3zsef d\u00edjat nyert program.<\/p>\n<p>[\/vc_column_text][\/vc_column][\/vc_row][vc_row][vc_column offset=&#8221;vc_hidden-xs&#8221;][vc_row_inner][vc_column_inner width=&#8221;1\/2&#8243;][vc_single_image image=&#8221;109545&#8243; img_size=&#8221;full&#8221; alignment=&#8221;center&#8221; style=&#8221;vc_box_border&#8221; border_color=&#8221;juicy_pink&#8221; css=&#8221;&#8221;][\/vc_column_inner][vc_column_inner width=&#8221;1\/2&#8243;][vc_column_text]<\/p>\n<p style=\"text-align: left;\"><strong>KAPOSV\u00c1RI J\u00d3ZSEF-D\u00cdJ<\/strong><\/p>\n<p style=\"text-align: left;\">Ez a d\u00edj a Kuck\u00f3 k\u00f6z\u00f6ss\u00e9g k\u00f6z\u00f6s \u00e9rdeme. Meghat\u00f3 \u00e9s felemel\u0151 \u00e9rz\u00e9s volt megkapni sz\u00e1mukra, \u00e9s ez m\u00e9g ink\u00e1bb arra \u00f6szt\u00f6nzi \u0151ket, hogy m\u00e9g t\u00f6bbet \u00e9s m\u00e9g jobban kuck\u00f3zzanak, hiszen annyi az \u00fcgy \u00e9s annyi mindent lehetne m\u00e9g tenni. <strong>Szeretn\u00e9k nem csak ki\u00e9rdemelni ezt a d\u00edjat, hanem a k\u00f6vetkez\u0151 10 \u00e9vben m\u00e9g ink\u00e1bb r\u00e1szolg\u00e1lni.<\/strong><\/p>\n<p style=\"text-align: left;\">A Kaposv\u00e1ri J\u00f3zsef &#8211; d\u00edjat azok kapj\u00e1k, akik sz\u0171kebb vagy t\u00e1gabb k\u00f6rnyezet\u00fckben p\u00e9ldamutat\u00f3 tev\u00e9kenys\u00e9g\u00fckkel seg\u00edtik mindazokat, akik r\u00e1szorulnak &#8211; nemt\u0151l, kort\u00f3l, t\u00e1rsadalmi be\u00e1gyazotts\u00e1gt\u00f3l \u00e9s m\u00e1s adotts\u00e1gokt\u00f3l f\u00fcggetlen\u00fcl.<\/p>\n<p>A mozg\u00e1s\u00e1ban korl\u00e1tozott mesterember, Kaposv\u00e1ri J\u00f3zsef \u00e9lete sor\u00e1n ott seg\u00edtett a r\u00e1szorul\u00f3kon ahol tudott: a szeg\u00e9nyeknek cip\u0151t, a gyerekeknek j\u00e1t\u00e9kot adott, m\u00e1soknak tanul\u00e1si lehet\u0151s\u00e9get biztos\u00edtott.[\/vc_column_text][\/vc_column_inner][\/vc_row_inner][\/vc_column][\/vc_row][vc_row full_width=&#8221;stretch_row_content_no_spaces&#8221;][vc_column offset=&#8221;vc_hidden-lg vc_hidden-md vc_hidden-sm&#8221;][vc_single_image image=&#8221;109545&#8243; img_size=&#8221;full&#8221; alignment=&#8221;center&#8221; style=&#8221;vc_box_border&#8221; border_color=&#8221;juicy_pink&#8221; css=&#8221;.vc_custom_1762852356318{padding-right: 10px !important;padding-left: 10px !important;}&#8221;][vc_column_text css=&#8221;.vc_custom_1762852340914{padding-right: 30px !important;padding-left: 30px !important;}&#8221;]<\/p>\n<p style=\"text-align: left;\"><strong>KAPOSV\u00c1RI J\u00d3ZSEF-D\u00cdJ<\/strong><\/p>\n<p style=\"text-align: left;\">Ez a d\u00edj a Kuck\u00f3 k\u00f6z\u00f6ss\u00e9g k\u00f6z\u00f6s \u00e9rdeme. Meghat\u00f3 \u00e9s felemel\u0151 \u00e9rz\u00e9s volt megkapni sz\u00e1mukra, \u00e9s ez m\u00e9g ink\u00e1bb arra \u00f6szt\u00f6nzi \u0151ket, hogy m\u00e9g t\u00f6bbet \u00e9s m\u00e9g jobban kuck\u00f3zzanak, hiszen annyi az \u00fcgy \u00e9s annyi mindent lehetne m\u00e9g tenni. <strong>Szeretn\u00e9k nem csak ki\u00e9rdemelni ezt a d\u00edjat, hanem a k\u00f6vetkez\u0151 10 \u00e9vben m\u00e9g ink\u00e1bb r\u00e1szolg\u00e1lni.<\/strong><\/p>\n<p style=\"text-align: left;\">A Kaposv\u00e1ri J\u00f3zsef &#8211; d\u00edjat azok kapj\u00e1k, akik sz\u0171kebb vagy t\u00e1gabb k\u00f6rnyezet\u00fckben p\u00e9ldamutat\u00f3 tev\u00e9kenys\u00e9g\u00fckkel seg\u00edtik mindazokat, akik r\u00e1szorulnak &#8211; nemt\u0151l, kort\u00f3l, t\u00e1rsadalmi be\u00e1gyazotts\u00e1gt\u00f3l \u00e9s m\u00e1s adotts\u00e1gokt\u00f3l f\u00fcggetlen\u00fcl.<\/p>\n<p>A mozg\u00e1s\u00e1ban korl\u00e1tozott mesterember, Kaposv\u00e1ri J\u00f3zsef \u00e9lete sor\u00e1n ott seg\u00edtett a r\u00e1szorul\u00f3kon ahol tudott: a szeg\u00e9nyeknek cip\u0151t, a gyerekeknek j\u00e1t\u00e9kot adott, m\u00e1soknak tanul\u00e1si lehet\u0151s\u00e9get biztos\u00edtott.[\/vc_column_text][\/vc_column][\/vc_row][vc_row][vc_column offset=&#8221;vc_hidden-xs&#8221;][vc_separator border_width=&#8221;2&#8243;][\/vc_column][\/vc_row][vc_row][vc_column offset=&#8221;vc_hidden-xs&#8221;][vc_row_inner][vc_column_inner width=&#8221;1\/2&#8243;][vc_empty_space height=&#8221;60px&#8221;][vc_column_text]<\/p>\n<p style=\"text-align: right;\"><strong>HIGHTLIGHTS OF HUNGARY<\/strong><\/p>\n<p style=\"text-align: right;\">A Highlights of Hungary egy non-profit kezdem\u00e9nyez\u00e9s, amely \u00e9vente, kateg\u00f3ri\u00e1k n\u00e9lk\u00fcl d\u00edjazza a legkiv\u00e1l\u00f3bb magyar kreat\u00edv teljes\u00edtm\u00e9nyeket. C\u00e9ljuk, hogy a kiv\u00e1l\u00f3s\u00e1g, a hazaszeretet \u00e9s a cselekv\u0151 lok\u00e1lpatriotizmus \u00e9rt\u00e9kei ment\u00e9n \u00e9vente elismerj\u00e9k \u00e9s megismertess\u00e9k a leginspir\u00e1l\u00f3bb t\u00f6rt\u00e9neteket, \u00e9s k\u00f6z\u00f6ss\u00e9get szervezzenek azok alkot\u00f3i \u00e9s alak\u00edt\u00f3i k\u00f6r\u00e9.<\/p>\n<p>[\/vc_column_text][vc_column_text]<\/p>\n<p style=\"text-align: right;\">A d\u00edj\u00e1tad\u00f3n a 10 k\u00f6z\u00f6ns\u00e9gd\u00edjas a kur\u00e1torok \u00e1ltal jel\u00f6lt 55 projekt k\u00f6z\u00fcl ker\u00fclt ki. <strong>A Kuck\u00f3 a III. helyez\u00e9st hozta el, ez \u00f3ri\u00e1si boldogs\u00e1ggal t\u00f6lt\u00f6tte el a szervez\u0151ket.<\/strong><\/p>\n<p>[\/vc_column_text][\/vc_column_inner][vc_column_inner width=&#8221;1\/2&#8243;][vc_single_image image=&#8221;109546&#8243; img_size=&#8221;full&#8221; alignment=&#8221;center&#8221; style=&#8221;vc_box_border&#8221; border_color=&#8221;juicy_pink&#8221; css=&#8221;&#8221;][\/vc_column_inner][\/vc_row_inner][\/vc_column][\/vc_row][vc_row full_width=&#8221;stretch_row_content_no_spaces&#8221;][vc_column offset=&#8221;vc_hidden-lg vc_hidden-md vc_hidden-sm&#8221;][vc_single_image image=&#8221;109546&#8243; img_size=&#8221;full&#8221; alignment=&#8221;center&#8221; style=&#8221;vc_box_border&#8221; border_color=&#8221;juicy_pink&#8221; css=&#8221;.vc_custom_1762852256857{padding-right: 10px !important;padding-left: 10px !important;}&#8221;][vc_column_text css=&#8221;.vc_custom_1762852265554{padding-right: 30px !important;padding-left: 30px !important;}&#8221;]<\/p>\n<p style=\"text-align: left;\"><strong>HIGHTLIGHTS OF HUNGARY<\/strong><\/p>\n<p style=\"text-align: left;\">A Highlights of Hungary egy non-profit kezdem\u00e9nyez\u00e9s, amely \u00e9vente, kateg\u00f3ri\u00e1k n\u00e9lk\u00fcl d\u00edjazza a legkiv\u00e1l\u00f3bb magyar kreat\u00edv teljes\u00edtm\u00e9nyeket. C\u00e9ljuk, hogy a kiv\u00e1l\u00f3s\u00e1g, a hazaszeretet \u00e9s a cselekv\u0151 lok\u00e1lpatriotizmus \u00e9rt\u00e9kei ment\u00e9n \u00e9vente elismerj\u00e9k \u00e9s megismertess\u00e9k a leginspir\u00e1l\u00f3bb t\u00f6rt\u00e9neteket, \u00e9s k\u00f6z\u00f6ss\u00e9get szervezzenek azok alkot\u00f3i \u00e9s alak\u00edt\u00f3i k\u00f6r\u00e9.<\/p>\n<p>[\/vc_column_text][\/vc_column][\/vc_row][vc_row][vc_column css=&#8221;.vc_custom_1668433015323{background-color: #f2f2f2 !important;}&#8221;][vc_column_text]<\/p>\n<p style=\"text-align: center;\">A d\u00edjakr\u00f3l b\u0151vebben itt olvashatsz:<\/p>\n<p style=\"text-align: center;\"><a href=\"https:\/\/www.highlightsofhungary.hu\">https:\/\/www.highlightsofhungary.hu<\/a><br \/>\n<a href=\"https:\/\/kaposvarijozsefstudio.hu\/dij\/\">https:\/\/kaposvarijozsefstudio.hu\/dij\/<\/a><\/p>\n<p>[\/vc_column_text][\/vc_column][\/vc_row]<\/p>\n<\/div>","protected":false},"excerpt":{"rendered":"<p>[vc_row][vc_column offset=&#8221;vc_hidden-xs&#8221;][vc_single_image image=&#8221;107193&#8243; img_size=&#8221;full&#8221; alignment=&#8221;center&#8221;][\/vc_column][\/vc_row][vc_row][vc_column offset=&#8221;vc_hidden-xs&#8221;][vc_column_text css=&#8221;.vc_custom_1667991366500{background-color: #f2f2f2 !important;}&#8221;] KUCK\u00d3 &#8211; SZERETETB\u0150L ADNI [\/vc_column_text][\/vc_column][\/vc_row][vc_row][vc_column width=&#8221;1\/2&#8243;][vc_row_inner][vc_column_inner offset=&#8221;vc_hidden-xs&#8221;][vc_empty_space height=&#8221;30px&#8221;][\/vc_column_inner][\/vc_row_inner][vc_single_image image=&#8221;109570&#8243; img_size=&#8221;full&#8221; alignment=&#8221;center&#8221; css=&#8221;&#8221;][\/vc_column][vc_column width=&#8221;1\/2&#8243;][vc_row_inner][vc_column_inner offset=&#8221;vc_hidden-xs&#8221;][vc_column_text]A Kuck\u00f3 \u00d6nk\u00e9ntes Program pont annyi, amit a neve is t\u00fckr\u00f6z. Egy \u00f6nk\u00e9ntes alapon m\u0171k\u00f6d\u0151 gyerekotthonokra f\u00f3kusz\u00e1l\u00f3 program. Nem alap\u00edtv\u00e1ny, nem szervezet, egy \u00f6nk\u00e9ntes kezdem\u00e9nyez\u00e9s, melynek c\u00e9lja, hogy&#8230;<\/p>\n","protected":false},"author":5,"featured_media":0,"parent":0,"menu_order":0,"comment_status":"closed","ping_status":"closed","template":"","meta":{"_acf_changed":false,"footnotes":""},"class_list":["post-107064","page","type-page","status-publish","hentry"],"acf":[],"amp_enabled":true,"_links":{"self":[{"href":"https:\/\/mamasandpapas.hu\/blog\/wp-json\/wp\/v2\/pages\/107064","targetHints":{"allow":["GET"]}}],"collection":[{"href":"https:\/\/mamasandpapas.hu\/blog\/wp-json\/wp\/v2\/pages"}],"about":[{"href":"https:\/\/mamasandpapas.hu\/blog\/wp-json\/wp\/v2\/types\/page"}],"author":[{"embeddable":true,"href":"https:\/\/mamasandpapas.hu\/blog\/wp-json\/wp\/v2\/users\/5"}],"replies":[{"embeddable":true,"href":"https:\/\/mamasandpapas.hu\/blog\/wp-json\/wp\/v2\/comments?post=107064"}],"version-history":[{"count":137,"href":"https:\/\/mamasandpapas.hu\/blog\/wp-json\/wp\/v2\/pages\/107064\/revisions"}],"predecessor-version":[{"id":109597,"href":"https:\/\/mamasandpapas.hu\/blog\/wp-json\/wp\/v2\/pages\/107064\/revisions\/109597"}],"wp:attachment":[{"href":"https:\/\/mamasandpapas.hu\/blog\/wp-json\/wp\/v2\/media?parent=107064"}],"curies":[{"name":"wp","href":"https:\/\/api.w.org\/{rel}","templated":true}]}}